{"id":1219,"date":"2023-05-10T08:16:27","date_gmt":"2023-05-10T08:16:27","guid":{"rendered":"https:\/\/SAFLORISTERIA.COM\/hoteles-y-eventos\/"},"modified":"2023-06-14T12:02:45","modified_gmt":"2023-06-14T12:02:45","slug":"hoteles-y-eventos","status":"publish","type":"page","link":"https:\/\/safloristeria.com\/es\/hoteles-y-eventos\/","title":{"rendered":"Hoteles y Eventos"},"content":{"rendered":"<p>[et_pb_section fb_built=\u00bb1&#8243; _builder_version=\u00bb4.20.4&#8243; _module_preset=\u00bbdefault\u00bb background_image=\u00bbhttps:\/\/SAFLORISTERIA.COM\/wp-content\/uploads\/2023\/06\/sa-floristeria-esdeveniments.png\u00bb global_colors_info=\u00bb{}\u00bb][et_pb_row _builder_version=\u00bb4.20.4&#8243; _module_preset=\u00bbdefault\u00bb global_colors_info=\u00bb{}\u00bb][et_pb_column type=\u00bb4_4&#8243; _builder_version=\u00bb4.20.4&#8243; _module_preset=\u00bbdefault\u00bb global_colors_info=\u00bb{}\u00bb][et_pb_text _builder_version=\u00bb4.20.4&#8243; _module_preset=\u00bbdefault\u00bb header_text_align=\u00bbcenter\u00bb header_text_color=\u00bb#FFFFFF\u00bb header_text_shadow_style=\u00bbpreset3&#8243; global_colors_info=\u00bb{}\u00bb]<\/p>\n<h1>Flores para hoteles y eventos<\/h1>\n<p>[\/et_pb_text][\/et_pb_column][\/et_pb_row][\/et_pb_section][et_pb_section fb_built=\u00bb1&#8243; _builder_version=\u00bb4.20.4&#8243; _module_preset=\u00bbdefault\u00bb custom_padding=\u00bb||3px|||\u00bb global_colors_info=\u00bb{}\u00bb][et_pb_row column_structure=\u00bb2_5,3_5&#8243; _builder_version=\u00bb4.20.4&#8243; _module_preset=\u00bbdefault\u00bb global_colors_info=\u00bb{}\u00bb][et_pb_column type=\u00bb2_5&#8243; _builder_version=\u00bb4.20.4&#8243; _module_preset=\u00bbdefault\u00bb global_colors_info=\u00bb{}\u00bb][et_pb_image src=\u00bbhttps:\/\/SAFLORISTERIA.COM\/wp-content\/uploads\/2023\/04\/sa-floristeria-centro-mesa-floral.png\u00bb alt=\u00bbsa-floristeria-centro-mesa-floral\u00bb title_text=\u00bbsa-floristeria-centro-mesa-floral\u00bb _builder_version=\u00bb4.20.4&#8243; _module_preset=\u00bbdefault\u00bb width=\u00bb100%\u00bb global_colors_info=\u00bb{}\u00bb][\/et_pb_image][\/et_pb_column][et_pb_column type=\u00bb3_5&#8243; _builder_version=\u00bb4.20.4&#8243; _module_preset=\u00bbdefault\u00bb global_colors_info=\u00bb{}\u00bb][et_pb_text _builder_version=\u00bb4.20.4&#8243; _module_preset=\u00bbdefault\u00bb custom_margin=\u00bb|||0px||\u00bb custom_padding=\u00bb|0px||||\u00bb global_colors_info=\u00bb{}\u00bb]<\/p>\n<blockquote>\n<p><span style=\"font-weight: 400;\">Tenemos m\u00e1s de 20 a\u00f1os de experiencia en servicio floral a empresas, instituciones y particulares tanto en la decoraci\u00f3n de acontecimientos en espacios al exterior como el interior.<\/span><\/p>\n<\/blockquote>\n<p><span style=\"font-weight: 400;\">Proveemos de flores frescas semanalmente diferentes negocios de la zona de Santany\u00ed as\u00ed como tambi\u00e9n dise\u00f1amos y elaboramos la decoraci\u00f3n floral de<\/span><\/p>\n<p><span style=\"font-weight: 400;\"><\/span><\/p>\n<ul>\n<li><span style=\"font-weight: 400;\"> Celebraciones<\/span><\/li>\n<li><span style=\"font-weight: 400;\">Foto sesiones<\/span><\/li>\n<li><span style=\"font-weight: 400;\">Actos p\u00fablicos y privados<\/span><\/li>\n<\/ul>\n<p>[\/et_pb_text][et_pb_button button_text=\u00bbConfecciona tu ambientaci\u00f3n\u00bb button_alignment=\u00bbcenter\u00bb _builder_version=\u00bb4.20.4&#8243; _module_preset=\u00bbdefault\u00bb custom_button=\u00bbon\u00bb button_text_color=\u00bb#FFFFFF\u00bb button_bg_color=\u00bb#789F90&#8243; button_border_width=\u00bb0px\u00bb button_icon=\u00bb&#xf5bb;||fa||900&#8243; hover_enabled=\u00bb0&#8243; global_colors_info=\u00bb{}\u00bb button_url=\u00bbhttps:\/\/SAFLORISTERIA.COM\/es\/contacto\/\u00bb url_new_window=\u00bbon\u00bb sticky_enabled=\u00bb0&#8243;][\/et_pb_button][\/et_pb_column][\/et_pb_row][et_pb_row _builder_version=\u00bb4.20.4&#8243; _module_preset=\u00bbdefault\u00bb global_colors_info=\u00bb{}\u00bb][et_pb_column type=\u00bb4_4&#8243; _builder_version=\u00bb4.20.4&#8243; _module_preset=\u00bbdefault\u00bb global_colors_info=\u00bb{}\u00bb][et_pb_image src=\u00bbhttps:\/\/SAFLORISTERIA.COM\/wp-content\/uploads\/2023\/05\/iconos-floristeria-2.png\u00bb title_text=\u00bbsa-floristeria-icono\u00bb align=\u00bbcenter\u00bb _builder_version=\u00bb4.20.4&#8243; _module_preset=\u00bbdefault\u00bb custom_margin=\u00bb1px|||||\u00bb global_colors_info=\u00bb{}\u00bb][\/et_pb_image][\/et_pb_column][\/et_pb_row][\/et_pb_section][et_pb_section fb_built=\u00bb1&#8243; _builder_version=\u00bb4.20.4&#8243; _module_preset=\u00bbdefault\u00bb custom_padding=\u00bb0px||6px|||\u00bb bottom_divider_color=\u00bb#789F90&#8243; bottom_divider_flip=\u00bbvertical\u00bb global_colors_info=\u00bb{}\u00bb][et_pb_row _builder_version=\u00bb4.20.4&#8243; _module_preset=\u00bbdefault\u00bb global_colors_info=\u00bb{}\u00bb][et_pb_column type=\u00bb4_4&#8243; _builder_version=\u00bb4.20.4&#8243; _module_preset=\u00bbdefault\u00bb global_colors_info=\u00bb{}\u00bb][et_pb_text _builder_version=\u00bb4.20.4&#8243; _module_preset=\u00bbdefault\u00bb header_2_text_align=\u00bbcenter\u00bb text_orientation=\u00bbcenter\u00bb global_colors_info=\u00bb{}\u00bb]<\/p>\n<h2>Los clientes de Sa Floristeria<\/h2>\n<p>enemos el placer de contar como clientes habituales hoteles y restaurantes como:<\/p>\n<p>[\/et_pb_text][\/et_pb_column][\/et_pb_row][et_pb_row column_structure=\u00bb1_6,1_6,1_6,1_6,1_6,1_6&#8243; _builder_version=\u00bb4.20.4&#8243; _module_preset=\u00bbdefault\u00bb global_colors_info=\u00bb{}\u00bb][et_pb_column type=\u00bb1_6&#8243; _builder_version=\u00bb4.20.4&#8243; _module_preset=\u00bbdefault\u00bb global_colors_info=\u00bb{}\u00bb][et_pb_image src=\u00bbhttps:\/\/SAFLORISTERIA.COM\/wp-content\/uploads\/2023\/06\/cal-reiet-sa-floristeria-1.png\u00bb alt=\u00bbcal-reiet-sa-floristeria\u00bb title_text=\u00bbcal-reiet-sa-floristeria\u00bb _builder_version=\u00bb4.20.4&#8243; _module_preset=\u00bbdefault\u00bb global_colors_info=\u00bb{}\u00bb][\/et_pb_image][\/et_pb_column][et_pb_column type=\u00bb1_6&#8243; _builder_version=\u00bb4.20.4&#8243; _module_preset=\u00bbdefault\u00bb global_colors_info=\u00bb{}\u00bb][et_pb_image src=\u00bbhttps:\/\/SAFLORISTERIA.COM\/wp-content\/uploads\/2023\/06\/can-ferrereta-sa-floristeria.png\u00bb alt=\u00bbcan-ferrereta-sa-floristeria\u00bb title_text=\u00bbcan-ferrereta-sa-floristeria\u00bb _builder_version=\u00bb4.20.4&#8243; _module_preset=\u00bbdefault\u00bb global_colors_info=\u00bb{}\u00bb][\/et_pb_image][\/et_pb_column][et_pb_column type=\u00bb1_6&#8243; _builder_version=\u00bb4.20.4&#8243; _module_preset=\u00bbdefault\u00bb global_colors_info=\u00bb{}\u00bb][et_pb_image src=\u00bbhttps:\/\/SAFLORISTERIA.COM\/wp-content\/uploads\/2023\/06\/hotelet-de-santanyi-sa-floristeria.png\u00bb alt=\u00bbhotelet-de-santanyi-sa-floristeria\u00bb title_text=\u00bbhotelet-de-santanyi-sa-floristeria\u00bb _builder_version=\u00bb4.20.4&#8243; _module_preset=\u00bbdefault\u00bb global_colors_info=\u00bb{}\u00bb][\/et_pb_image][\/et_pb_column][et_pb_column type=\u00bb1_6&#8243; _builder_version=\u00bb4.20.4&#8243; _module_preset=\u00bbdefault\u00bb global_colors_info=\u00bb{}\u00bb][et_pb_image src=\u00bbhttps:\/\/SAFLORISTERIA.COM\/wp-content\/uploads\/2023\/06\/laudat-santanyi-sa-floristeria-1.png\u00bb alt=\u00bblaudat-santanyi-sa-floristeria\u00bb title_text=\u00bblaudat-santanyi-sa-floristeria\u00bb _builder_version=\u00bb4.20.4&#8243; _module_preset=\u00bbdefault\u00bb global_colors_info=\u00bb{}\u00bb][\/et_pb_image][\/et_pb_column][et_pb_column type=\u00bb1_6&#8243; _builder_version=\u00bb4.20.4&#8243; _module_preset=\u00bbdefault\u00bb global_colors_info=\u00bb{}\u00bb][et_pb_image src=\u00bbhttps:\/\/SAFLORISTERIA.COM\/wp-content\/uploads\/2023\/06\/es-turo-finca-rural-sa-floristeria.png\u00bb alt=\u00bbes-turo-finca-rural-sa-floristeria\u00bb title_text=\u00bbes-turo-finca-rural-sa-floristeria\u00bb _builder_version=\u00bb4.20.4&#8243; _module_preset=\u00bbdefault\u00bb global_colors_info=\u00bb{}\u00bb][\/et_pb_image][\/et_pb_column][et_pb_column type=\u00bb1_6&#8243; _builder_version=\u00bb4.20.4&#8243; _module_preset=\u00bbdefault\u00bb global_colors_info=\u00bb{}\u00bb][et_pb_image src=\u00bbhttps:\/\/SAFLORISTERIA.COM\/wp-content\/uploads\/2023\/06\/cassai-beach-house-sa-floristeria.png\u00bb alt=\u00bbcassai-beach-house-sa-floristeria\u00bb title_text=\u00bbcassai-beach-house-sa-floristeria\u00bb _builder_version=\u00bb4.20.4&#8243; _module_preset=\u00bbdefault\u00bb global_colors_info=\u00bb{}\u00bb][\/et_pb_image][\/et_pb_column][\/et_pb_row][et_pb_row column_structure=\u00bb1_6,1_6,1_6,1_6,1_6,1_6&#8243; _builder_version=\u00bb4.20.4&#8243; _module_preset=\u00bbdefault\u00bb global_colors_info=\u00bb{}\u00bb][et_pb_column type=\u00bb1_6&#8243; _builder_version=\u00bb4.20.4&#8243; _module_preset=\u00bbdefault\u00bb global_colors_info=\u00bb{}\u00bb][et_pb_image src=\u00bbhttps:\/\/SAFLORISTERIA.COM\/wp-content\/uploads\/2023\/06\/cassai-ses-salines-sa-floristeria.png\u00bb title_text=\u00bbcassai-ses-salines-sa-floristeria\u00bb _builder_version=\u00bb4.20.4&#8243; _module_preset=\u00bbdefault\u00bb global_colors_info=\u00bb{}\u00bb][\/et_pb_image][\/et_pb_column][et_pb_column type=\u00bb1_6&#8243; _builder_version=\u00bb4.20.4&#8243; _module_preset=\u00bbdefault\u00bb global_colors_info=\u00bb{}\u00bb][et_pb_image src=\u00bbhttps:\/\/SAFLORISTERIA.COM\/wp-content\/uploads\/2023\/06\/son-terrassa-hotel-rural-sa-floristeria.png\u00bb alt=\u00bbson-terrassa-hotel-rural-sa-floristeria\u00bb title_text=\u00bbson-terrassa-hotel-rural-sa-floristeria\u00bb _builder_version=\u00bb4.20.4&#8243; _module_preset=\u00bbdefault\u00bb global_colors_info=\u00bb{}\u00bb][\/et_pb_image][\/et_pb_column][et_pb_column type=\u00bb1_6&#8243; _builder_version=\u00bb4.20.4&#8243; _module_preset=\u00bbdefault\u00bb global_colors_info=\u00bb{}\u00bb][et_pb_image src=\u00bbhttps:\/\/SAFLORISTERIA.COM\/wp-content\/uploads\/2023\/06\/son-menut-agroturisme-sa-floristeria.png\u00bb alt=\u00bbson-menut-agroturisme-sa-floristeria\u00bb title_text=\u00bbson-menut-agroturisme-sa-floristeria\u00bb _builder_version=\u00bb4.20.4&#8243; _module_preset=\u00bbdefault\u00bb global_colors_info=\u00bb{}\u00bb][\/et_pb_image][\/et_pb_column][et_pb_column type=\u00bb1_6&#8243; _builder_version=\u00bb4.20.4&#8243; _module_preset=\u00bbdefault\u00bb global_colors_info=\u00bb{}\u00bb][et_pb_image src=\u00bbhttps:\/\/SAFLORISTERIA.COM\/wp-content\/uploads\/2023\/06\/sa-galera-restaurant-sa-floristeria.png\u00bb alt=\u00bbsa-galera-restaurant-sa-floristeria\u00bb title_text=\u00bbsa-galera-restaurant-sa-floristeria\u00bb _builder_version=\u00bb4.20.4&#8243; _module_preset=\u00bbdefault\u00bb global_colors_info=\u00bb{}\u00bb][\/et_pb_image][\/et_pb_column][et_pb_column type=\u00bb1_6&#8243; _builder_version=\u00bb4.20.4&#8243; _module_preset=\u00bbdefault\u00bb global_colors_info=\u00bb{}\u00bb][et_pb_image src=\u00bbhttps:\/\/SAFLORISTERIA.COM\/wp-content\/uploads\/2023\/06\/inturotel-cala-esmeralda-sa-floristeria.png\u00bb alt=\u00bbinturotel-cala-esmeralda-sa-floristeria\u00bb title_text=\u00bbinturotel-cala-esmeralda-sa-floristeria\u00bb _builder_version=\u00bb4.20.4&#8243; _module_preset=\u00bbdefault\u00bb global_colors_info=\u00bb{}\u00bb][\/et_pb_image][\/et_pb_column][et_pb_column type=\u00bb1_6&#8243; _builder_version=\u00bb4.20.4&#8243; _module_preset=\u00bbdefault\u00bb global_colors_info=\u00bb{}\u00bb][et_pb_image src=\u00bbhttps:\/\/SAFLORISTERIA.COM\/wp-content\/uploads\/2023\/06\/fontsanta-hotel-spa-sa-floristeria-e1686237612596.png\u00bb alt=\u00bbfontsanta-hotel-spa-sa-floristeria\u00bb title_text=\u00bbfontsanta-hotel-spa-sa-floristeria\u00bb _builder_version=\u00bb4.20.4&#8243; _module_preset=\u00bbdefault\u00bb global_colors_info=\u00bb{}\u00bb][\/et_pb_image][\/et_pb_column][\/et_pb_row][et_pb_row _builder_version=\u00bb4.20.4&#8243; _module_preset=\u00bbdefault\u00bb global_colors_info=\u00bb{}\u00bb][et_pb_column type=\u00bb4_4&#8243; _builder_version=\u00bb4.20.4&#8243; _module_preset=\u00bbdefault\u00bb global_colors_info=\u00bb{}\u00bb][et_pb_image src=\u00bbhttps:\/\/SAFLORISTERIA.COM\/wp-content\/uploads\/2023\/05\/iconos-floristeria-2.png\u00bb title_text=\u00bbsa-floristeria-icono\u00bb align=\u00bbcenter\u00bb _builder_version=\u00bb4.20.4&#8243; _module_preset=\u00bbdefault\u00bb global_colors_info=\u00bb{}\u00bb][\/et_pb_image][\/et_pb_column][\/et_pb_row][\/et_pb_section][et_pb_section fb_built=\u00bb1&#8243; _builder_version=\u00bb4.20.4&#8243; _module_preset=\u00bbdefault\u00bb custom_padding=\u00bb0px||99px|||\u00bb bottom_divider_style=\u00bbwave\u00bb bottom_divider_color=\u00bb#789F90&#8243; bottom_divider_flip=\u00bbvertical\u00bb global_colors_info=\u00bb{}\u00bb][et_pb_row column_structure=\u00bb1_2,1_2&#8243; _builder_version=\u00bb4.20.4&#8243; _module_preset=\u00bbdefault\u00bb global_colors_info=\u00bb{}\u00bb][et_pb_column type=\u00bb1_2&#8243; _builder_version=\u00bb4.20.4&#8243; _module_preset=\u00bbdefault\u00bb global_colors_info=\u00bb{}\u00bb][et_pb_image src=\u00bbhttps:\/\/SAFLORISTERIA.COM\/wp-content\/uploads\/2023\/06\/sa-floristeria-decoracio-floral-1.png\u00bb alt=\u00bbsa-floristeria-decoracion-floral\u00bb title_text=\u00bbsa-floristeria-decoracion-floral\u00bb _builder_version=\u00bb4.20.4&#8243; _module_preset=\u00bbdefault\u00bb global_colors_info=\u00bb{}\u00bb][\/et_pb_image][\/et_pb_column][et_pb_column type=\u00bb1_2&#8243; _builder_version=\u00bb4.20.4&#8243; _module_preset=\u00bbdefault\u00bb global_colors_info=\u00bb{}\u00bb][et_pb_text _builder_version=\u00bb4.20.4&#8243; _module_preset=\u00bbdefault\u00bb header_2_text_align=\u00bbcenter\u00bb header_2_font_size=\u00bb40px\u00bb text_orientation=\u00bbcenter\u00bb custom_margin=\u00bb||0px|||\u00bb global_colors_info=\u00bb{}\u00bb]<\/p>\n<h2>Asesoramiento para hoteles y eventos<\/h2>\n<p>[\/et_pb_text][et_pb_text _builder_version=\u00bb4.20.4&#8243; _module_preset=\u00bbdefault\u00bb text_orientation=\u00bbcenter\u00bb min_height=\u00bb61.4px\u00bb custom_padding=\u00bb5px|||||\u00bb global_colors_info=\u00bb{}\u00bb]<\/p>\n<p>\u00bfQuieres asesoramiento para la decoraci\u00f3n de tu evento o saber qu\u00e9 flores son de temporada?<\/p>\n<p>[\/et_pb_text][et_pb_button button_text=\u00bbContacta con nuestro equipo\u00bb button_alignment=\u00bbcenter\u00bb _builder_version=\u00bb4.20.4&#8243; _module_preset=\u00bbdefault\u00bb custom_button=\u00bbon\u00bb button_text_color=\u00bb#FFFFFF\u00bb button_bg_color=\u00bb#789F90&#8243; button_border_width=\u00bb0px\u00bb button_icon=\u00bb&#xf5bb;||fa||900&#8243; hover_enabled=\u00bb0&#8243; global_colors_info=\u00bb{}\u00bb button_url=\u00bbhttps:\/\/SAFLORISTERIA.COM\/es\/contacto\/\u00bb url_new_window=\u00bbon\u00bb sticky_enabled=\u00bb0&#8243;][\/et_pb_button][\/et_pb_column][\/et_pb_row][\/et_pb_section]<\/p>\n","protected":false},"excerpt":{"rendered":"<p>Flores para hoteles y eventos Tenemos m\u00e1s de 20 a\u00f1os de experiencia en servicio floral a empresas, instituciones y particulares tanto en la decoraci\u00f3n de acontecimientos en espacios al exterior como el interior. Proveemos de flores frescas semanalmente diferentes negocios de la zona de Santany\u00ed as\u00ed como tambi\u00e9n dise\u00f1amos y elaboramos la decoraci\u00f3n floral de [&hellip;]<\/p>\n","protected":false},"author":1,"featured_media":0,"parent":0,"menu_order":0,"comment_status":"closed","ping_status":"closed","template":"","meta":{"_et_pb_use_builder":"on","_et_pb_old_content":"","_et_gb_content_width":"","footnotes":""},"class_list":["post-1219","page","type-page","status-publish","hentry"],"aioseo_notices":[],"_links":{"self":[{"href":"https:\/\/safloristeria.com\/es\/wp-json\/wp\/v2\/pages\/1219","targetHints":{"allow":["GET"]}}],"collection":[{"href":"https:\/\/safloristeria.com\/es\/wp-json\/wp\/v2\/pages"}],"about":[{"href":"https:\/\/safloristeria.com\/es\/wp-json\/wp\/v2\/types\/page"}],"author":[{"embeddable":true,"href":"https:\/\/safloristeria.com\/es\/wp-json\/wp\/v2\/users\/1"}],"replies":[{"embeddable":true,"href":"https:\/\/safloristeria.com\/es\/wp-json\/wp\/v2\/comments?post=1219"}],"version-history":[{"count":4,"href":"https:\/\/safloristeria.com\/es\/wp-json\/wp\/v2\/pages\/1219\/revisions"}],"predecessor-version":[{"id":1577,"href":"https:\/\/safloristeria.com\/es\/wp-json\/wp\/v2\/pages\/1219\/revisions\/1577"}],"wp:attachment":[{"href":"https:\/\/safloristeria.com\/es\/wp-json\/wp\/v2\/media?parent=1219"}],"curies":[{"name":"wp","href":"https:\/\/api.w.org\/{rel}","templated":true}]}}